{"id":2347,"date":"2024-06-13T09:34:27","date_gmt":"2024-06-13T07:34:27","guid":{"rendered":"https:\/\/rowerowycieszyn.pl\/?page_id=2347"},"modified":"2024-06-14T12:55:08","modified_gmt":"2024-06-14T10:55:08","slug":"kluczowe-inwestycje-rowerowe-w-cieszynie-kadencja-samorzadowa-2024-2029","status":"publish","type":"page","link":"https:\/\/rowerowycieszyn.pl\/index.php\/kluczowe-inwestycje-rowerowe-w-cieszynie-kadencja-samorzadowa-2024-2029\/","title":{"rendered":"Kluczowe inwestycje rowerowe w Cieszynie \u2013 kadencja samorz\u0105dowa 2024-2029"},"content":{"rendered":"<p>&nbsp;<\/p>\n<ol>\n<li><span style=\"font-size: 1rem;\">Budowa CPR\/DDR w ramach trasy 607 od al. Piastowskiej do Marklowic przebiegaj\u0105ca wzd\u0142u\u017c Olzy.<\/span><\/li>\n<li>Budowa element\u00f3w CPR\/DDR w ramach trasy 604 od centrum przesiadkowego do granic miasta Cieszyna w celu zapewnienia sp\u00f3jno\u015bci ca\u0142ego odcinka<\/li>\n<li>Budowa DDR na nieczynnym odcinku ul. Ustro\u0144skiej w kierunku ul. Mlecznej z przej\u015bciem pieszo-rowerowym przez ul. Wi\u015bla\u0144sk\u0105.<\/li>\n<li>Utworzenie po\u0142\u0105czenia DDR na ul. Kossak-Szatkowskiej (kraniec po\u0142udniowy), zapewniaj\u0105cego po\u0142\u0105czenie osiedli ZOR i Podg\u00f3rze, z wykorzystaniem: ul. Hallera, stok Cie\u015blar\u00f3wki, ul. \u017bwirki i Wigury, Solnej, Bielskiej, Kolejowej \u2013 budowa odcink\u00f3w CPR oraz poruszanie si\u0119 w ruchu og\u00f3lnym na mniej ruchliwych ulicach.<\/li>\n<li>Utworzenie CPR-\u00f3w przy ul. Katowickiej \u2013 od CPR na ul. Pikiety do ronda JP II.<\/li>\n<\/ol>\n<h2>Propozycje zmian &#8211; mapa<\/h2>\n<p>Zapoznajcie si\u0119 prosz\u0119 z propozycjami na poni\u017cszej mapie. Pod map\u0105 zamieszczam kilka komentarzy i w\u0105tpliwo\u015bci. Bo w kilku miejscach nie mam chyba dobrego pomys\u0142u.<\/p>\n<p><iframe loading=\"lazy\" src=\"https:\/\/www.google.com\/maps\/d\/u\/0\/embed?mid=18OowLuCTg5KIPV3S2vUlT-6_4uJbIw4&amp;ehbc=2E312F\" width=\"800\" height=\"600\"><\/iframe><\/p>\n<ol>\n<li>Zwracam uwag\u0119 na &#8222;czarn\u0105&#8221; tras\u0119 z Ma\u0142ego Jaworowego do centrum &#8211; chodzi o to, \u017ceby po\u0142\u0105czy\u0107 ul. Kossak (g\u00f3rny kraniec) z centrum. Zaproponowany wariant ma t\u0119 zalet\u0119, \u017ce na Cie\u015blar\u00f3wce mo\u017cna zrobi\u0107 trawers, kt\u00f3ry z\u0142agodzi nachylenie. Z kolei \u017bwirki i Wigury jest dosy\u0107 p\u0142aska i ma\u0142o ruchliwa, wi\u0119c tam mo\u017cna by porusza\u0107 si\u0119 w ruchu og\u00f3lnym. Do zastanowienia jest, jak z ronda M. Wardas\u00f3wny dotrze\u0107 do ul. RNKC. Moim zdaniem najlepiej w \u015bladzie tego zaniedbanego chodnika, kt\u00f3ry zaczyna si\u0119 schodkami obok ronda.<\/li>\n<li>Trasa 607 (zielony i fioletowy) &#8211; proponuj\u0119 tylko wariant nad Olz\u0105, \u017ceby nie by\u0142o dyskusji. Do sprawdzenia (trzeba zrobi\u0107 przej\u015bcie), jak wygl\u0105da teren za PPG i czy da\u0142oby si\u0119 i\u015b\u0107 dalej wzd\u0142u\u017c rzeki a\u017c do mostu w Pogwizdowie. Zwr\u00f3\u0107cie uwag\u0119 na zaproponowane przeze mnie 3 \u0142\u0105czniki<\/li>\n<li>Trasa 604 &#8211; wielowariantowo, zgodnie z wynikami audytu. Map\u0119 zako\u0144czy\u0142em mniej wi\u0119cej na granicy z Goleszowem, \u017ceby nie komplikowa\u0107 obrazu (tu dyskutujemy tylko Cieszyn).<\/li>\n<li>Szukam dobrego pomys\u0142u &#8211; i tu chyba pytanie do Szymona i Marcina, jako mieszka\u0144c\u00f3w tego terenu, jak z Liburnia wytyczy\u0107 optymaln\u0105 tras\u0119 w stron\u0119 centrum przesiadkowego &#8211; \u017ceby nie by\u0142a zbyt stroma i mo\u017cliwe odseparowana od ruchu samochodowego.<\/li>\n<li>Proponuj\u0119 jeszcze wytyczenie trasy wzd\u0142u\u017c Katowickiej od Pikiety. Mniej wi\u0119cej do cmentarza jest szeroko i tam nie b\u0119dzie problemu. Co dalej, nie za bardzo wiem &#8211; znowu licz\u0119 na wsparcie Szymona i Marcina, ale pozosta\u0142ych te\u017c zach\u0119cam \ud83d\ude42<\/li>\n<li>Je\u017celi ta mapka jeszcze do czego\u015b Was zainspiruje, to zg\u0142aszajcie.<\/li>\n<\/ol>\n","protected":false},"excerpt":{"rendered":"<p>&nbsp; Budowa CPR\/DDR w ramach trasy 607 od al. Piastowskiej do Marklowic przebiegaj\u0105ca wzd\u0142u\u017c Olzy. Budowa element\u00f3w CPR\/DDR w ramach trasy 604 od centrum przesiadkowego do granic miasta Cieszyna w&hellip; <\/p>\n","protected":false},"author":1,"featured_media":0,"parent":0,"menu_order":0,"comment_status":"open","ping_status":"closed","template":"","meta":{"footnotes":""},"class_list":["post-2347","page","type-page","status-publish","hentry"],"yoast_head":"<!-- This site is optimized with the Yoast SEO plugin v27.3 - https:\/\/yoast.com\/product\/yoast-seo-wordpress\/ -->\n<title>Kluczowe inwestycje rowerowe w Cieszynie \u2013 kadencja samorz\u0105dowa 2024-2029 - Rowerowy Cieszyn<\/title>\n<meta name=\"robots\" content=\"index, follow, max-snippet:-1, max-image-preview:large, max-video-preview:-1\" \/>\n<link rel=\"canonical\" href=\"https:\/\/rowerowycieszyn.pl\/index.php\/kluczowe-inwestycje-rowerowe-w-cieszynie-kadencja-samorzadowa-2024-2029\/\" \/>\n<meta property=\"og:locale\" content=\"pl_PL\" \/>\n<meta property=\"og:type\" content=\"article\" \/>\n<meta property=\"og:title\" content=\"Kluczowe inwestycje rowerowe w Cieszynie \u2013 kadencja samorz\u0105dowa 2024-2029 - Rowerowy Cieszyn\" \/>\n<meta property=\"og:description\" content=\"&nbsp; Budowa CPR\/DDR w ramach trasy 607 od al. Piastowskiej do Marklowic przebiegaj\u0105ca wzd\u0142u\u017c Olzy. Budowa element\u00f3w CPR\/DDR w ramach trasy 604 od centrum przesiadkowego do granic miasta Cieszyna w&hellip;\" \/>\n<meta property=\"og:url\" content=\"https:\/\/rowerowycieszyn.pl\/index.php\/kluczowe-inwestycje-rowerowe-w-cieszynie-kadencja-samorzadowa-2024-2029\/\" \/>\n<meta property=\"og:site_name\" content=\"Rowerowy Cieszyn\" \/>\n<meta property=\"article:publisher\" content=\"https:\/\/www.facebook.com\/RowerowyCieszyn\" \/>\n<meta property=\"article:modified_time\" content=\"2024-06-14T10:55:08+00:00\" \/>\n<meta name=\"twitter:card\" content=\"summary_large_image\" \/>\n<meta name=\"twitter:label1\" content=\"Szacowany czas czytania\" \/>\n\t<meta name=\"twitter:data1\" content=\"3 minuty\" \/>\n<script type=\"application\/ld+json\" class=\"yoast-schema-graph\">{\"@context\":\"https:\\\/\\\/schema.org\",\"@graph\":[{\"@type\":\"WebPage\",\"@id\":\"https:\\\/\\\/rowerowycieszyn.pl\\\/index.php\\\/kluczowe-inwestycje-rowerowe-w-cieszynie-kadencja-samorzadowa-2024-2029\\\/\",\"url\":\"https:\\\/\\\/rowerowycieszyn.pl\\\/index.php\\\/kluczowe-inwestycje-rowerowe-w-cieszynie-kadencja-samorzadowa-2024-2029\\\/\",\"name\":\"Kluczowe inwestycje rowerowe w Cieszynie \u2013 kadencja samorz\u0105dowa 2024-2029 - Rowerowy Cieszyn\",\"isPartOf\":{\"@id\":\"https:\\\/\\\/rowerowycieszyn.pl\\\/#website\"},\"datePublished\":\"2024-06-13T07:34:27+00:00\",\"dateModified\":\"2024-06-14T10:55:08+00:00\",\"breadcrumb\":{\"@id\":\"https:\\\/\\\/rowerowycieszyn.pl\\\/index.php\\\/kluczowe-inwestycje-rowerowe-w-cieszynie-kadencja-samorzadowa-2024-2029\\\/#breadcrumb\"},\"inLanguage\":\"pl-PL\",\"potentialAction\":[{\"@type\":\"ReadAction\",\"target\":[\"https:\\\/\\\/rowerowycieszyn.pl\\\/index.php\\\/kluczowe-inwestycje-rowerowe-w-cieszynie-kadencja-samorzadowa-2024-2029\\\/\"]}]},{\"@type\":\"BreadcrumbList\",\"@id\":\"https:\\\/\\\/rowerowycieszyn.pl\\\/index.php\\\/kluczowe-inwestycje-rowerowe-w-cieszynie-kadencja-samorzadowa-2024-2029\\\/#breadcrumb\",\"itemListElement\":[{\"@type\":\"ListItem\",\"position\":1,\"name\":\"Home\",\"item\":\"https:\\\/\\\/rowerowycieszyn.pl\\\/\"},{\"@type\":\"ListItem\",\"position\":2,\"name\":\"Kluczowe inwestycje rowerowe w Cieszynie \u2013 kadencja samorz\u0105dowa 2024-2029\"}]},{\"@type\":\"WebSite\",\"@id\":\"https:\\\/\\\/rowerowycieszyn.pl\\\/#website\",\"url\":\"https:\\\/\\\/rowerowycieszyn.pl\\\/\",\"name\":\"Rowerowy Cieszyn\",\"description\":\"Strona promuj\u0105ca komunikacj\u0119 oraz turystyk\u0119 rowerow\u0105 na terenie Cieszyna i okolic.\",\"publisher\":{\"@id\":\"https:\\\/\\\/rowerowycieszyn.pl\\\/#organization\"},\"potentialAction\":[{\"@type\":\"SearchAction\",\"target\":{\"@type\":\"EntryPoint\",\"urlTemplate\":\"https:\\\/\\\/rowerowycieszyn.pl\\\/?s={search_term_string}\"},\"query-input\":{\"@type\":\"PropertyValueSpecification\",\"valueRequired\":true,\"valueName\":\"search_term_string\"}}],\"inLanguage\":\"pl-PL\"},{\"@type\":\"Organization\",\"@id\":\"https:\\\/\\\/rowerowycieszyn.pl\\\/#organization\",\"name\":\"Rowerowy Cieszyn\",\"url\":\"https:\\\/\\\/rowerowycieszyn.pl\\\/\",\"logo\":{\"@type\":\"ImageObject\",\"inLanguage\":\"pl-PL\",\"@id\":\"https:\\\/\\\/rowerowycieszyn.pl\\\/#\\\/schema\\\/logo\\\/image\\\/\",\"url\":\"https:\\\/\\\/rowerowycieszyn.pl\\\/wp-content\\\/uploads\\\/2020\\\/07\\\/cropped-rower1_cr_tn-1.jpg\",\"contentUrl\":\"https:\\\/\\\/rowerowycieszyn.pl\\\/wp-content\\\/uploads\\\/2020\\\/07\\\/cropped-rower1_cr_tn-1.jpg\",\"width\":250,\"height\":100,\"caption\":\"Rowerowy Cieszyn\"},\"image\":{\"@id\":\"https:\\\/\\\/rowerowycieszyn.pl\\\/#\\\/schema\\\/logo\\\/image\\\/\"},\"sameAs\":[\"https:\\\/\\\/www.facebook.com\\\/RowerowyCieszyn\"]}]}<\/script>\n<!-- \/ Yoast SEO plugin. -->","yoast_head_json":{"title":"Kluczowe inwestycje rowerowe w Cieszynie \u2013 kadencja samorz\u0105dowa 2024-2029 - Rowerowy Cieszyn","robots":{"index":"index","follow":"follow","max-snippet":"max-snippet:-1","max-image-preview":"max-image-preview:large","max-video-preview":"max-video-preview:-1"},"canonical":"https:\/\/rowerowycieszyn.pl\/index.php\/kluczowe-inwestycje-rowerowe-w-cieszynie-kadencja-samorzadowa-2024-2029\/","og_locale":"pl_PL","og_type":"article","og_title":"Kluczowe inwestycje rowerowe w Cieszynie \u2013 kadencja samorz\u0105dowa 2024-2029 - Rowerowy Cieszyn","og_description":"&nbsp; Budowa CPR\/DDR w ramach trasy 607 od al. Piastowskiej do Marklowic przebiegaj\u0105ca wzd\u0142u\u017c Olzy. Budowa element\u00f3w CPR\/DDR w ramach trasy 604 od centrum przesiadkowego do granic miasta Cieszyna w&hellip;","og_url":"https:\/\/rowerowycieszyn.pl\/index.php\/kluczowe-inwestycje-rowerowe-w-cieszynie-kadencja-samorzadowa-2024-2029\/","og_site_name":"Rowerowy Cieszyn","article_publisher":"https:\/\/www.facebook.com\/RowerowyCieszyn","article_modified_time":"2024-06-14T10:55:08+00:00","twitter_card":"summary_large_image","twitter_misc":{"Szacowany czas czytania":"3 minuty"},"schema":{"@context":"https:\/\/schema.org","@graph":[{"@type":"WebPage","@id":"https:\/\/rowerowycieszyn.pl\/index.php\/kluczowe-inwestycje-rowerowe-w-cieszynie-kadencja-samorzadowa-2024-2029\/","url":"https:\/\/rowerowycieszyn.pl\/index.php\/kluczowe-inwestycje-rowerowe-w-cieszynie-kadencja-samorzadowa-2024-2029\/","name":"Kluczowe inwestycje rowerowe w Cieszynie \u2013 kadencja samorz\u0105dowa 2024-2029 - Rowerowy Cieszyn","isPartOf":{"@id":"https:\/\/rowerowycieszyn.pl\/#website"},"datePublished":"2024-06-13T07:34:27+00:00","dateModified":"2024-06-14T10:55:08+00:00","breadcrumb":{"@id":"https:\/\/rowerowycieszyn.pl\/index.php\/kluczowe-inwestycje-rowerowe-w-cieszynie-kadencja-samorzadowa-2024-2029\/#breadcrumb"},"inLanguage":"pl-PL","potentialAction":[{"@type":"ReadAction","target":["https:\/\/rowerowycieszyn.pl\/index.php\/kluczowe-inwestycje-rowerowe-w-cieszynie-kadencja-samorzadowa-2024-2029\/"]}]},{"@type":"BreadcrumbList","@id":"https:\/\/rowerowycieszyn.pl\/index.php\/kluczowe-inwestycje-rowerowe-w-cieszynie-kadencja-samorzadowa-2024-2029\/#breadcrumb","itemListElement":[{"@type":"ListItem","position":1,"name":"Home","item":"https:\/\/rowerowycieszyn.pl\/"},{"@type":"ListItem","position":2,"name":"Kluczowe inwestycje rowerowe w Cieszynie \u2013 kadencja samorz\u0105dowa 2024-2029"}]},{"@type":"WebSite","@id":"https:\/\/rowerowycieszyn.pl\/#website","url":"https:\/\/rowerowycieszyn.pl\/","name":"Rowerowy Cieszyn","description":"Strona promuj\u0105ca komunikacj\u0119 oraz turystyk\u0119 rowerow\u0105 na terenie Cieszyna i okolic.","publisher":{"@id":"https:\/\/rowerowycieszyn.pl\/#organization"},"potentialAction":[{"@type":"SearchAction","target":{"@type":"EntryPoint","urlTemplate":"https:\/\/rowerowycieszyn.pl\/?s={search_term_string}"},"query-input":{"@type":"PropertyValueSpecification","valueRequired":true,"valueName":"search_term_string"}}],"inLanguage":"pl-PL"},{"@type":"Organization","@id":"https:\/\/rowerowycieszyn.pl\/#organization","name":"Rowerowy Cieszyn","url":"https:\/\/rowerowycieszyn.pl\/","logo":{"@type":"ImageObject","inLanguage":"pl-PL","@id":"https:\/\/rowerowycieszyn.pl\/#\/schema\/logo\/image\/","url":"https:\/\/rowerowycieszyn.pl\/wp-content\/uploads\/2020\/07\/cropped-rower1_cr_tn-1.jpg","contentUrl":"https:\/\/rowerowycieszyn.pl\/wp-content\/uploads\/2020\/07\/cropped-rower1_cr_tn-1.jpg","width":250,"height":100,"caption":"Rowerowy Cieszyn"},"image":{"@id":"https:\/\/rowerowycieszyn.pl\/#\/schema\/logo\/image\/"},"sameAs":["https:\/\/www.facebook.com\/RowerowyCieszyn"]}]}},"_links":{"self":[{"href":"https:\/\/rowerowycieszyn.pl\/index.php\/wp-json\/wp\/v2\/pages\/2347","targetHints":{"allow":["GET"]}}],"collection":[{"href":"https:\/\/rowerowycieszyn.pl\/index.php\/wp-json\/wp\/v2\/pages"}],"about":[{"href":"https:\/\/rowerowycieszyn.pl\/index.php\/wp-json\/wp\/v2\/types\/page"}],"author":[{"embeddable":true,"href":"https:\/\/rowerowycieszyn.pl\/index.php\/wp-json\/wp\/v2\/users\/1"}],"replies":[{"embeddable":true,"href":"https:\/\/rowerowycieszyn.pl\/index.php\/wp-json\/wp\/v2\/comments?post=2347"}],"version-history":[{"count":8,"href":"https:\/\/rowerowycieszyn.pl\/index.php\/wp-json\/wp\/v2\/pages\/2347\/revisions"}],"predecessor-version":[{"id":2355,"href":"https:\/\/rowerowycieszyn.pl\/index.php\/wp-json\/wp\/v2\/pages\/2347\/revisions\/2355"}],"wp:attachment":[{"href":"https:\/\/rowerowycieszyn.pl\/index.php\/wp-json\/wp\/v2\/media?parent=2347"}],"curies":[{"name":"wp","href":"https:\/\/api.w.org\/{rel}","templated":true}]}}